{"id":886,"date":"2018-05-31T12:01:45","date_gmt":"2018-05-31T10:01:45","guid":{"rendered":"https:\/\/dev.dernst.net\/?post_type=product&#038;p=886"},"modified":"2026-04-14T21:01:25","modified_gmt":"2026-04-14T19:01:25","slug":"kartonoeffner-gironde","status":"publish","type":"product","link":"https:\/\/apollo-herkenrath.de\/de\/produkt\/kartonoeffner-gironde\/","title":{"rendered":"Glasmesser Gironde"},"content":{"rendered":"<ul>\n<li>Ideal zum Entgraten von Windschutzscheiben und Verbundglas. Das Sicherheitsmesser kann zus\u00e4tzlich zum Schneiden des \u00fcbersch\u00fcssigen PVB von Windschutzscheiben in der Autoindustrie eingesetzt werden<\/li>\n<li>leichtes Sicherheitsmesser mit manuell einziehbarer Klinge<\/li>\n<li>Hohe Sicherheit: Die Klinge ist vorne gesch\u00fctzt. Im Ruhezustand ist die Klinge vollst\u00e4ndig im Griff des Messers versenkt.<\/li>\n<li>best\u00fcckt mit einer Klinge Nr. 672.5.2 mit Wellenschliff<\/li>\n<li>Auch zum Einschneiden von Kartons kann auf die gew\u00fcnschte H\u00f6he eingeschnitten werden oder zum Knicken angeritzt werden<\/li>\n<li>f\u00fcr Rechts- und Linksh\u00e4nder geeignet<\/li>\n<\/ul>\n","protected":false},"excerpt":{"rendered":"<p>Ideal zum Entgraten von Windschutzscheiben und Verbundglas. Das Sicherheitsmesser kann zus\u00e4tzlich zum Schneiden des \u00fcbersch\u00fcssigen PVB von Windschutzscheiben in der Autoindustrie eingesetzt werden leichtes Sicherheitsmesser mit manuell einziehbarer Klinge Hohe Sicherheit: Die Klinge ist vorne gesch\u00fctzt. Im Ruhezustand ist die Klinge vollst\u00e4ndig im Griff des Messers versenkt. best\u00fcckt mit einer Klinge Nr. 672.5.2 mit Wellenschliff [&hellip;]<\/p>\n","protected":false},"featured_media":887,"template":"","meta":[],"product_brand":[],"product_cat":[20,28,210],"product_tag":[],"class_list":{"0":"post-886","1":"product","2":"type-product","3":"status-publish","4":"has-post-thumbnail","6":"product_cat-kartonoeffner","7":"product_cat-produkte","8":"product_cat-spezialmesser","10":"first","11":"instock","12":"shipping-taxable","13":"purchasable","14":"product-type-simple"},"aioseo_notices":[],"_links":{"self":[{"href":"https:\/\/apollo-herkenrath.de\/de\/wp-json\/wp\/v2\/product\/886","targetHints":{"allow":["GET"]}}],"collection":[{"href":"https:\/\/apollo-herkenrath.de\/de\/wp-json\/wp\/v2\/product"}],"about":[{"href":"https:\/\/apollo-herkenrath.de\/de\/wp-json\/wp\/v2\/types\/product"}],"wp:featuredmedia":[{"embeddable":true,"href":"https:\/\/apollo-herkenrath.de\/de\/wp-json\/wp\/v2\/media\/887"}],"wp:attachment":[{"href":"https:\/\/apollo-herkenrath.de\/de\/wp-json\/wp\/v2\/media?parent=886"}],"wp:term":[{"taxonomy":"product_brand","embeddable":true,"href":"https:\/\/apollo-herkenrath.de\/de\/wp-json\/wp\/v2\/product_brand?post=886"},{"taxonomy":"product_cat","embeddable":true,"href":"https:\/\/apollo-herkenrath.de\/de\/wp-json\/wp\/v2\/product_cat?post=886"},{"taxonomy":"product_tag","embeddable":true,"href":"https:\/\/apollo-herkenrath.de\/de\/wp-json\/wp\/v2\/product_tag?post=886"}],"curies":[{"name":"wp","href":"https:\/\/api.w.org\/{rel}","templated":true}]}}